{"id":433,"date":"2023-04-04T01:36:12","date_gmt":"2023-04-03T23:36:12","guid":{"rendered":"https:\/\/sempowisko.com\/home\/?page_id=433"},"modified":"2023-04-24T20:40:57","modified_gmt":"2023-04-24T18:40:57","slug":"czesto-zadawane-pytania","status":"publish","type":"page","link":"https:\/\/sempowisko.com\/home\/sempowisko-2023\/czesto-zadawane-pytania\/","title":{"rendered":"Cz\u0119sto zadawane pytania"},"content":{"rendered":"\n<h3 class=\"wp-block-heading\">Rejestracja<\/h3>\n\n\n\n<p><strong>Co mam wpisa\u0107 w polu <em>Abstract<\/em>?<\/strong><\/p>\n\n\n\n<p>Pole to nale\u017cy wype\u0142ni\u0107 jedynie w przypadku aktywnego uczestnictwa tj. z prezentacj\u0105 lub plakatem. W przypadku biernego uczestnictwa nale\u017cy nie wype\u0142nia\u0107 tego pola. Je\u017celi wype\u0142niasz to pole, powiniene\u015b\/powinna\u015b wpisa\u0107 tam najwa\u017cniejsze informacje o pracy, kt\u00f3ra jest podstaw\u0105 twojej prezentacji\/plakacie. Jakie s\u0105 poczynione za\u0142o\u017cenia, jaka jest hipoteza badawcza, jaka jest metodologia, a na koniec skr\u00f3towo najwa\u017cniejsze wyniki.<\/p>\n\n\n\n<p><strong>Co mam wpisa\u0107 w polu <em><strong>Affiliation (full name)*<\/strong><\/em>?<\/strong><\/p>\n\n\n\n<p>W polu tym nale\u017cy wpisa\u0107 nazw\u0119 instytucji, w kt\u00f3rej si\u0119 uczysz. Je\u017celi jeste\u015b studentem\/studentk\u0105 prosimy o wpisanie nazwy instytutu, kt\u00f3ry nadzoruje tw\u00f3j kierunek studi\u00f3w, np. &#8222;Wydzia\u0142 Fizyki, Astronomii i Informatyki Stosowanej, Uniwersytet Jagiello\u0144ski, Krak\u00f3w&#8221;. Je\u017celi uczysz si\u0119 w liceum, prosimy o wpisanie nazwy twojej szko\u0142y np. &#8222;V LO im. Augusta Witkowskiego w Krakowie&#8221;.<\/p>\n\n\n\n<p><strong>Co mam wpisa\u0107 w polu <em><strong>If you belong to a students&#8217; association, please write its acronym as well as the acronym of&nbsp;<\/strong><em>your<\/em><strong>&nbsp;faculty*<\/strong><\/em>?<\/strong><\/p>\n\n\n\n<p>Je\u017celi nale\u017cysz do organizacji studenckiej np. Ko\u0142o Matematyczno-Przyrodnicze Student\u00f3w UJ, prosimy o napisanie skr\u00f3tu nazwy ko\u0142a np. &#8222;KMPSUJ&#8221;. Ponadto prosimy o podanie skr\u00f3tu nazwy instytucji, w kt\u00f3rej studiujesz. Dla przyk\u0142adu z poprzedniego pytania b\u0119dzie to: &#8222;WFAIS UJ&#8221;. Ca\u0142o\u015bciowo prosimy poda\u0107 odpowied\u017a w postaci <code>f\"{ko\u0142o}, {wydzia\u0142}\"<\/code>, np. &#8222;KMPSUJ, WFAIS UJ&#8221;.<\/p>\n\n\n\n<p><strong>Czym s\u0105 <em>Biosciences<\/em>?<\/strong><\/p>\n\n\n\n<p>S\u0105 to wszystkie nauki bezpo\u015brednio powi\u0105zanie z biologi\u0105 np. botanika, biochemia, bioin\u017cynieria, bioinformatyka, medycyna, itp.<\/p>\n\n\n\n<p><strong>Gdzie zg\u0142osi\u0107 pope\u0142niony b\u0142\u0105d w rejestracji?<\/strong><\/p>\n\n\n\n<p>Prosimy o napisanie do nas wiadomo\u015bci na naszego oficjalnego maila: <a href=\"mailto:sempowisko2023@gmail.com\"><strong>sempowisko2023@gmail.com<\/strong><\/a>.<\/p>\n\n\n\n<p><strong>Kiedy dostan\u0119 maila z potwierdzeniem rejestracji?<\/strong><\/p>\n\n\n\n<p>Maile powinny dociera\u0107 kilka minut po zarejestrowaniu si\u0119, aczkolwiek czasem mamy przerwy techniczne i wtedy mail mo\u017ce dotrze\u0107 po ok. dniu. Je\u017celi w ci\u0105gu 24 godzin uczestnik nie dostanie maila z potwierdzeniem rejestracji, prosimy o kontakt mailowy <a href=\"mailto:sempowisko2023@gmail.com\"><strong>sempowisko2023@gmail.com<\/strong><\/a>.<\/p>\n\n\n\n<p><strong>Czym jest licencja CC BY-SA 3.0?<\/strong><\/p>\n\n\n\n<p>Dzi\u0119ki udost\u0119pnieniu abstraktu\/opisu na tej licencji b\u0119dziemy mogli udost\u0119pni\u0107 nasz\u0105 ksi\u0105\u017ck\u0119 abstrakt\u00f3w i publikacj\u0119 pokonferencyjn\u0105 na licencji umo\u017cliwiaj\u0105cej wolne kopiowanie przy r\u00f3wnoczesnej konieczno\u015bci zachowania wolnej licencji i podania autora. Jednocze\u015bnie zmniejsza to nasze problemy z prawem autorski, gdy\u017c jako organizacja studencka nie mamy osobowo\u015bci prawnej. <\/p>\n\n\n\n<p>Szczeg\u00f3\u0142y mo\u017cna znale\u017a\u0107 pod linkiem <a href=\"https:\/\/creativecommons.org\/licenses\/by-sa\/3.0\/\">Creative Commons \u2014 Attribution-ShareAlike 3.0 Unported \u2014 CC BY-SA 3.0<\/a>.<\/p>\n\n\n\n<p><strong>Czy mog\u0119 zmieni\u0107 dane podane w rejestracji?<\/strong><\/p>\n\n\n\n<p>Tak, prosimy o nades\u0142anie opisu zmian na nasz adres mail <a href=\"mailto:sempowisko2023@gmail.com\"><strong>sempowisko2023@gmail.com<\/strong><\/a>.<\/p>\n\n\n\n<h3 class=\"wp-block-heading\">Op\u0142ata konferencyjna<\/h3>\n\n\n\n<p><strong>Ile kosztuje udzia\u0142 w konferencji?<\/strong><\/p>\n\n\n\n<p>Aby stacjonarnie wzi\u0105\u0107 udzia\u0142 w naszym wydarzeniu, otrzyma\u0107 obiady, dost\u0119p do przerw kawowych i gad\u017cety konferencyjne nale\u017cy ui\u015bci\u0107 op\u0142at\u0119 w wysoko\u015bci <strong>20&nbsp;z\u0142<\/strong>. Dodatkowo b\u0119dzie mo\u017cliwo\u015b\u0107 zakupienia bilet\u00f3w do Ogrodu Botanicznego UJ, podczas organizowanego przez nas wyj\u015bcia, pierwszego dnia konferencji z 75% zni\u017ck\u0105 (za 2&nbsp;z\u0142, wymagane jest posiadanie ze sob\u0105 aktualnej legitymacji uprawniaj\u0105cej do zni\u017cki studenckiej).<\/p>\n\n\n\n<p><strong>Czy udzia\u0142 w konferencji online jest p\u0142atny?<\/strong><\/p>\n\n\n\n<p>Nie, zar\u00f3wno uczestnictwo bierne jak i czynne w formie online jest darmowe.<\/p>\n\n\n\n<p><strong>W jaki spos\u00f3b mam dokona\u0107 op\u0142aty konferencyjnej?<\/strong><\/p>\n\n\n\n<p>Zostanie og\u0142oszone wkr\u00f3tce.<\/p>\n\n\n\n<p><strong>Czy s\u0105 jakie\u015b dodatkowe op\u0142aty?<\/strong><\/p>\n\n\n\n<p>B\u0119dzie mo\u017cliwo\u015b\u0107 zakupienia bilet\u00f3w do Ogrodu Botanicznego UJ, podczas organizowanego przez nas wyj\u015bcia, pierwszego dnia konferencji <strong>z 75% zni\u017ck\u0105 <\/strong>(<strong>za 2&nbsp;z\u0142<\/strong>, wymagane jest posiadanie ze sob\u0105 aktualnej legitymacji uprawniaj\u0105cej do zni\u017cki studenckiej). To wyj\u015bcie b\u0119dzie mia\u0142o miejsce zaraz po wyk\u0142adzie okazjonalnym, kt\u00f3ry odb\u0119dzie si\u0119 11.05 o 10:00 w sali konferencyjnej Ogrodu Botanicznego.<\/p>\n\n\n\n<p><strong>Czy dostan\u0119 faktur\u0119 na op\u0142at\u0119 konferencyjn\u0105?<\/strong><\/p>\n\n\n\n<p>Zostanie og\u0142oszone wkr\u00f3tce.<\/p>\n\n\n\n<h3 class=\"wp-block-heading\">Udzia\u0142 w konferencji<\/h3>\n\n\n\n<p><strong>Czy musz\u0119 by\u0107 studentem\/doktorantem\/pracownikiem UJ?<\/strong><\/p>\n\n\n\n<p>Nie, czynny udzia\u0142 mog\u0105 wzi\u0105\u0107 wszyscy studenci i doktoranci wszystkich uczelni \u015bwiata oraz liceali\u015bci z wszystkich szk\u00f3\u0142 \u015brednich \u015bwiata. Ta grupa mo\u017ce r\u00f3wnie\u017c uczestniczy\u0107 biernie w formie stacjonarnej maj\u0105c dost\u0119p do obiad\u00f3w, gad\u017cet\u00f3w i przerw kawowych. Natomiast biernie w formie online uczestniczy\u0107 mo\u017ce ka\u017cdy, m.in. poprzez transmisj\u0119 LIVE na <a href=\"https:\/\/www.facebook.com\/KMPSUJ\">naszym fanpage&#8217;u na Facebooku<\/a>.<\/p>\n\n\n\n<p><strong>Dlaczego po\u0142owa rzeczy jest po polsku, a po\u0142owa po angielsku?<\/strong><\/p>\n\n\n\n<p>To s\u0105 te same opisy, przet\u0142umaczone na dwa j\u0119zyki dla wygody czytaj\u0105cych. Ca\u0142a konferencja b\u0119dzie si\u0119 odbywa\u0107 po angielsku. Jest obowi\u0105zek wyg\u0142aszania referatu i prezentacji plakatu po angielsku. Ma to na celu uczenie m\u0142odych naukowc\u00f3w uczestnictwa w mi\u0119dzynarodowych konferencjach, dlatego prosimy o spokojne podej\u015bcie do tego. Zaawansowanie j\u0119zykowe nie b\u0119dzie oceniane, a wszyscy obecni b\u0119d\u0105 wyrozumiali, bo to wydarzenie s\u0142u\u017cy do nauczenia si\u0119, jak prezentowa\u0107 prace naukowe na takich konferencjach.<\/p>\n\n\n\n<p><strong>Gdzie b\u0119dzie odbywa\u0107 si\u0119 konferencja?<\/strong><\/p>\n\n\n\n<p>Z ma\u0142ymi wyj\u0105tkami, ca\u0142o\u015b\u0107 odb\u0119dzie si\u0119 na Wydziale Fizyki, Astronomii i Informatyki Stosowanej UJ. Wewn\u0105trz budynku b\u0119d\u0105 czeka\u0107 na was nasi wolontariusze, kt\u00f3rzy wska\u017c\u0105 wam drog\u0119 do auli, w kt\u00f3rej odbywa\u0107 si\u0119 b\u0119d\u0105 prezentacje. Ponadto pierwszego dnia konferencji (11.04.2023) pierwszy wyk\u0142ad okazjonalny odb\u0119dzie si\u0119 w Ogrodzie Botanicznym UJ, po czym zaplanowane jest zwiedzanie ogrodu. W niekt\u00f3rych dniach planowane s\u0105 r\u00f3wnie\u017c integracje, o kt\u00f3rych miejscu i czasie zarejestrowani uczestnicy dostan\u0105 informacj\u0119 mailow\u0105.<\/p>\n\n\n\n<p><strong>Dlaczego wsz\u0119dzie jest logo RKNu?<\/strong><\/p>\n\n\n\n<p>Rada K\u00f3\u0142 Naukowych UJ wsp\u00f3\u0142finansuje nasz\u0105 konferencj\u0119. Z tego powodu na przedmiotach op\u0142aconych z pieni\u0119dzy uzyskanych z tej instytucji znajduje si\u0119 to logo.<\/p>\n\n\n\n<h3 class=\"wp-block-heading\">Referaty i plakaty<\/h3>\n\n\n\n<p><strong>Czy referat\/plakat musi by\u0107 na podstawie w\u0142asnych bada\u0144?<\/strong><\/p>\n\n\n\n<p>Nie, mo\u017ce on mie\u0107 r\u00f3wnie\u017c charakter przegl\u0105dowy (podsumowuj\u0105cy ostatnie wyniki bada\u0144 z literatury), lub popularno-naukowy. Nale\u017cy jednak zachowywa\u0107 odpowiednie praktyki cytowania i wykorzystywania cudzej pracy (Zawsze powinny zosta\u0107 podane informacje o \u017ar\u00f3dle: tytu\u0142, autor, rok publikacji, miejsce publikacji, obowi\u0105zkowo nale\u017cy r\u00f3wnie\u017c wykorzystywa\u0107 materia\u0142y wed\u0142ug okre\u015blonej przez autora materia\u0142u licencji).<\/p>\n\n\n\n<p><strong>Jak b\u0119dzie wygl\u0105da\u0142a sesja plakatowa?<\/strong><\/p>\n\n\n\n<p>Zostanie og\u0142oszone wkr\u00f3tce.<\/p>\n\n\n\n<p><strong>Czy mo\u017cna zar\u00f3wno wyg\u0142osi\u0107 referat i przedstawi\u0107 plakat?<\/strong><\/p>\n\n\n\n<p>B\u0119dzie taka mo\u017cliwo\u015b\u0107, je\u017celi nie b\u0119dzie za du\u017co uczestnik\u00f3w. Jednak w przypadku du\u017cej liczby zg\u0142oszonych abstrakt\u00f3w b\u0119dziemy limitowa\u0107 wyst\u0105pienia do jednego na osob\u0119. Ponadto te dwie prezentacje nie b\u0119d\u0105 mog\u0142y zawiera\u0107 tych samych informacji (aczkolwiek jedno mo\u017ce by\u0107 kontynuacj\u0105 drugiego).<\/p>\n\n\n\n<p><strong>Ile os\u00f3b mo\u017ce przedstawia\u0107 jeden referat?<\/strong><\/p>\n\n\n\n<p>Maksymalnie 3 osoby, ale wszystkie si\u0119 musz\u0105 osobno zarejestrowa\u0107 z tym samym abstraktem i dopiskiem w polu &#8222;Comments&#8221; o wsp\u00f3lnej prezentacji, gdzie zostan\u0105 wymienione nazwiska wsp\u00f3\u0142autor\u00f3w.<\/p>\n\n\n\n<p><strong>Ile os\u00f3b mo\u017ce przedstawia\u0107 jeden plakat?<\/strong><\/p>\n\n\n\n<p>Jeden plakat mo\u017ce przedstawia\u0107 jedna osoba.<\/p>\n\n\n\n<p><strong>Kto ponosi koszt druku plakatu?<\/strong><\/p>\n\n\n\n<p>Uczestnik jest zobowi\u0105zany do samodzielnego op\u0142acenia wydruku i przywiezienia plakatu na sesj\u0119 plakatow\u0105. Organizatorzy przygotuj\u0105 specjalne stela\u017ce na plakaty.<\/p>\n\n\n\n<p><strong>Czy trzeba by\u0107 na wszystkich referatach?<\/strong><\/p>\n\n\n\n<p>Oczywi\u015bcie uczestnictwo na referatach nie jest obowi\u0105zkowe, aczkolwiek mi\u0142o b\u0119dzie, je\u017celi we\u017amiesz udzia\u0142 w swoim referacie. \/s<\/p>\n\n\n\n<p><strong>Czy istnieje wz\u00f3r plakatu\/abstraktu?<\/strong><\/p>\n\n\n\n<p>Nie, uczestnik ma pe\u0142n\u0105 dowolno\u015b\u0107, jak ma to wygl\u0105da\u0107. Abstrakt powinien zawiera\u0107 najwa\u017cneisze informacje o twoim plakacie: jaki model badasz, jak\u0105 masz pr\u00f3bk\u0119 badawcz\u0105, jak\u0105 hipotez\u0119 testujesz, jak\u0105 metodologi\u0119 stosujesz, a na koniec warto poda\u0107 najwa\u017cniejszy wynik\/wniosek z opracowywanego przez Ciebie tematu.<\/p>\n\n\n\n<h3 class=\"wp-block-heading\">Za\u015bwiadczenia<\/h3>\n\n\n\n<p><strong>Kiedy b\u0119dzie dost\u0119pna ksi\u0105\u017cka abstrakt\u00f3w?<\/strong><\/p>\n\n\n\n<p>Najp\u00f3\u017aniej do kilku dni przed rozpocz\u0119ciem konferencji. Ksi\u0105\u017cka abstrakt\u00f3w zostanie wydana tylko w formie zdalnej w celu oszcz\u0119dzania papieru.<\/p>\n\n\n\n<p><strong>Czy mo\u017cna napisa\u0107 rozdzia\u0142 do publikacji pokonferencyjnej?<\/strong><\/p>\n\n\n\n<p>Tak, szczeg\u00f3\u0142y b\u0119d\u0105 og\u0142oszone w mailu do zarejestrowanych uczestnik\u00f3w po konferencji.<\/p>\n\n\n\n<p><strong>Kiedy i gdzie b\u0119dzie dost\u0119pna publikacja pokonferencyjna<\/strong>?<\/p>\n\n\n\n<p>Najp\u00f3\u017aniej do ko\u0144ca wrze\u015bnia 2023. Publikacja zostanie umieszczona na naszej stronie oraz w Repozytorium UJ.<\/p>\n\n\n\n<p><strong>Kiedy zostan\u0105 wystawione certyfikaty?<\/strong><\/p>\n\n\n\n<p>Najp\u00f3\u017aniej do ko\u0144ca lipca 2023r. W razie potrzeby, mo\u017cemy wystawi\u0107 pojedyncze certyfikaty wcze\u015bniej. W takiej sytuacji prosimy o informacj\u0119 mailow\u0105 <a href=\"mailto:sempowisko2023@gmail.com\"><strong>sempowisko2023@gmail.com<\/strong><\/a>. Wszystkie certyfikaty wystawione zostan\u0105 elektronicznie w celu oszcz\u0119dzania papieru. W wielu przypadkach stanowi to r\u00f3wnie\u017c u\u0142atwienie dla uczestnik\u00f3w, kt\u00f3rzy b\u0119d\u0105 za\u0142\u0105cza\u0107 te za\u015bwiadczenia do wniosk\u00f3w o stypendium itp.  <\/p>\n","protected":false},"excerpt":{"rendered":"<p>Rejestracja Co mam wpisa\u0107 w polu Abstract? Pole to nale\u017cy wype\u0142ni\u0107 jedynie w przypadku aktywnego uczestnictwa tj. z prezentacj\u0105 lub plakatem. W przypadku biernego uczestnictwa nale\u017cy nie wype\u0142nia\u0107 tego pola. Je\u017celi wype\u0142niasz to pole, powiniene\u015b\/powinna\u015b wpisa\u0107 tam najwa\u017cniejsze informacje o pracy, kt\u00f3ra jest podstaw\u0105 twojej prezentacji\/plakacie. Jakie s\u0105 poczynione za\u0142o\u017cenia, jaka jest hipoteza badawcza, jaka &hellip; <a href=\"https:\/\/sempowisko.com\/home\/sempowisko-2023\/czesto-zadawane-pytania\/\" class=\"more-link\">Czytaj dalej <span class=\"screen-reader-text\">Cz\u0119sto zadawane pytania<\/span><\/a><\/p>\n","protected":false},"author":15,"featured_media":0,"parent":309,"menu_order":0,"comment_status":"open","ping_status":"closed","template":"","meta":{"footnotes":""},"yoast_head":"<!-- This site is optimized with the Yoast SEO plugin v22.2 - https:\/\/yoast.com\/wordpress\/plugins\/seo\/ -->\n<title>Cz\u0119sto zadawane pytania - KMPSUJ<\/title>\n<meta name=\"robots\" content=\"index, follow, max-snippet:-1, max-image-preview:large, max-video-preview:-1\" \/>\n<link rel=\"canonical\" href=\"https:\/\/sempowisko.com\/home\/sempowisko-2023\/czesto-zadawane-pytania\/\" \/>\n<meta property=\"og:locale\" content=\"pl_PL\" \/>\n<meta property=\"og:type\" content=\"article\" \/>\n<meta property=\"og:title\" content=\"Cz\u0119sto zadawane pytania - KMPSUJ\" \/>\n<meta property=\"og:description\" content=\"Rejestracja Co mam wpisa\u0107 w polu Abstract? Pole to nale\u017cy wype\u0142ni\u0107 jedynie w przypadku aktywnego uczestnictwa tj. z prezentacj\u0105 lub plakatem. W przypadku biernego uczestnictwa nale\u017cy nie wype\u0142nia\u0107 tego pola. Je\u017celi wype\u0142niasz to pole, powiniene\u015b\/powinna\u015b wpisa\u0107 tam najwa\u017cniejsze informacje o pracy, kt\u00f3ra jest podstaw\u0105 twojej prezentacji\/plakacie. Jakie s\u0105 poczynione za\u0142o\u017cenia, jaka jest hipoteza badawcza, jaka &hellip; Czytaj dalej Cz\u0119sto zadawane pytania\" \/>\n<meta property=\"og:url\" content=\"https:\/\/sempowisko.com\/home\/sempowisko-2023\/czesto-zadawane-pytania\/\" \/>\n<meta property=\"og:site_name\" content=\"KMPSUJ\" \/>\n<meta property=\"article:publisher\" content=\"https:\/\/www.facebook.com\/KMPSUJ\" \/>\n<meta property=\"article:modified_time\" content=\"2023-04-24T18:40:57+00:00\" \/>\n<meta name=\"twitter:card\" content=\"summary_large_image\" \/>\n<meta name=\"twitter:label1\" content=\"Szacowany czas czytania\" \/>\n\t<meta name=\"twitter:data1\" content=\"7 minut\" \/>\n<script type=\"application\/ld+json\" class=\"yoast-schema-graph\">{\"@context\":\"https:\/\/schema.org\",\"@graph\":[{\"@type\":\"WebPage\",\"@id\":\"https:\/\/sempowisko.com\/home\/sempowisko-2023\/czesto-zadawane-pytania\/\",\"url\":\"https:\/\/sempowisko.com\/home\/sempowisko-2023\/czesto-zadawane-pytania\/\",\"name\":\"Cz\u0119sto zadawane pytania - KMPSUJ\",\"isPartOf\":{\"@id\":\"https:\/\/sempowisko.com\/home\/#website\"},\"datePublished\":\"2023-04-03T23:36:12+00:00\",\"dateModified\":\"2023-04-24T18:40:57+00:00\",\"breadcrumb\":{\"@id\":\"https:\/\/sempowisko.com\/home\/sempowisko-2023\/czesto-zadawane-pytania\/#breadcrumb\"},\"inLanguage\":\"pl-PL\",\"potentialAction\":[{\"@type\":\"ReadAction\",\"target\":[\"https:\/\/sempowisko.com\/home\/sempowisko-2023\/czesto-zadawane-pytania\/\"]}]},{\"@type\":\"BreadcrumbList\",\"@id\":\"https:\/\/sempowisko.com\/home\/sempowisko-2023\/czesto-zadawane-pytania\/#breadcrumb\",\"itemListElement\":[{\"@type\":\"ListItem\",\"position\":1,\"name\":\"Strona g\u0142\u00f3wna\",\"item\":\"https:\/\/sempowisko.com\/home\/\"},{\"@type\":\"ListItem\",\"position\":2,\"name\":\"SeMPowisko 2023\",\"item\":\"https:\/\/sempowisko.com\/home\/sempowisko-2023\/\"},{\"@type\":\"ListItem\",\"position\":3,\"name\":\"Cz\u0119sto zadawane pytania\"}]},{\"@type\":\"WebSite\",\"@id\":\"https:\/\/sempowisko.com\/home\/#website\",\"url\":\"https:\/\/sempowisko.com\/home\/\",\"name\":\"KMPSUJ\",\"description\":\"Na tej ga\u0142\u0119zi siedzi SeMP\",\"publisher\":{\"@id\":\"https:\/\/sempowisko.com\/home\/#organization\"},\"potentialAction\":[{\"@type\":\"SearchAction\",\"target\":{\"@type\":\"EntryPoint\",\"urlTemplate\":\"https:\/\/sempowisko.com\/home\/?s={search_term_string}\"},\"query-input\":\"required name=search_term_string\"}],\"inLanguage\":\"pl-PL\"},{\"@type\":\"Organization\",\"@id\":\"https:\/\/sempowisko.com\/home\/#organization\",\"name\":\"Ko\u0142o Matematyczno-Przyrodnicze Student\u00f3w UJ\",\"url\":\"https:\/\/sempowisko.com\/home\/\",\"logo\":{\"@type\":\"ImageObject\",\"inLanguage\":\"pl-PL\",\"@id\":\"https:\/\/sempowisko.com\/home\/#\/schema\/logo\/image\/\",\"url\":\"https:\/\/smp.if.uj.edu.pl\/home\/wp-content\/uploads\/2016\/05\/nowe_logo_kola.png\",\"contentUrl\":\"https:\/\/smp.if.uj.edu.pl\/home\/wp-content\/uploads\/2016\/05\/nowe_logo_kola.png\",\"width\":835,\"height\":758,\"caption\":\"Ko\u0142o Matematyczno-Przyrodnicze Student\u00f3w UJ\"},\"image\":{\"@id\":\"https:\/\/sempowisko.com\/home\/#\/schema\/logo\/image\/\"},\"sameAs\":[\"https:\/\/www.facebook.com\/KMPSUJ\"]}]}<\/script>\n<!-- \/ Yoast SEO plugin. -->","yoast_head_json":{"title":"Cz\u0119sto zadawane pytania - KMPSUJ","robots":{"index":"index","follow":"follow","max-snippet":"max-snippet:-1","max-image-preview":"max-image-preview:large","max-video-preview":"max-video-preview:-1"},"canonical":"https:\/\/sempowisko.com\/home\/sempowisko-2023\/czesto-zadawane-pytania\/","og_locale":"pl_PL","og_type":"article","og_title":"Cz\u0119sto zadawane pytania - KMPSUJ","og_description":"Rejestracja Co mam wpisa\u0107 w polu Abstract? Pole to nale\u017cy wype\u0142ni\u0107 jedynie w przypadku aktywnego uczestnictwa tj. z prezentacj\u0105 lub plakatem. W przypadku biernego uczestnictwa nale\u017cy nie wype\u0142nia\u0107 tego pola. Je\u017celi wype\u0142niasz to pole, powiniene\u015b\/powinna\u015b wpisa\u0107 tam najwa\u017cniejsze informacje o pracy, kt\u00f3ra jest podstaw\u0105 twojej prezentacji\/plakacie. Jakie s\u0105 poczynione za\u0142o\u017cenia, jaka jest hipoteza badawcza, jaka &hellip; Czytaj dalej Cz\u0119sto zadawane pytania","og_url":"https:\/\/sempowisko.com\/home\/sempowisko-2023\/czesto-zadawane-pytania\/","og_site_name":"KMPSUJ","article_publisher":"https:\/\/www.facebook.com\/KMPSUJ","article_modified_time":"2023-04-24T18:40:57+00:00","twitter_card":"summary_large_image","twitter_misc":{"Szacowany czas czytania":"7 minut"},"schema":{"@context":"https:\/\/schema.org","@graph":[{"@type":"WebPage","@id":"https:\/\/sempowisko.com\/home\/sempowisko-2023\/czesto-zadawane-pytania\/","url":"https:\/\/sempowisko.com\/home\/sempowisko-2023\/czesto-zadawane-pytania\/","name":"Cz\u0119sto zadawane pytania - KMPSUJ","isPartOf":{"@id":"https:\/\/sempowisko.com\/home\/#website"},"datePublished":"2023-04-03T23:36:12+00:00","dateModified":"2023-04-24T18:40:57+00:00","breadcrumb":{"@id":"https:\/\/sempowisko.com\/home\/sempowisko-2023\/czesto-zadawane-pytania\/#breadcrumb"},"inLanguage":"pl-PL","potentialAction":[{"@type":"ReadAction","target":["https:\/\/sempowisko.com\/home\/sempowisko-2023\/czesto-zadawane-pytania\/"]}]},{"@type":"BreadcrumbList","@id":"https:\/\/sempowisko.com\/home\/sempowisko-2023\/czesto-zadawane-pytania\/#breadcrumb","itemListElement":[{"@type":"ListItem","position":1,"name":"Strona g\u0142\u00f3wna","item":"https:\/\/sempowisko.com\/home\/"},{"@type":"ListItem","position":2,"name":"SeMPowisko 2023","item":"https:\/\/sempowisko.com\/home\/sempowisko-2023\/"},{"@type":"ListItem","position":3,"name":"Cz\u0119sto zadawane pytania"}]},{"@type":"WebSite","@id":"https:\/\/sempowisko.com\/home\/#website","url":"https:\/\/sempowisko.com\/home\/","name":"KMPSUJ","description":"Na tej ga\u0142\u0119zi siedzi SeMP","publisher":{"@id":"https:\/\/sempowisko.com\/home\/#organization"},"potentialAction":[{"@type":"SearchAction","target":{"@type":"EntryPoint","urlTemplate":"https:\/\/sempowisko.com\/home\/?s={search_term_string}"},"query-input":"required name=search_term_string"}],"inLanguage":"pl-PL"},{"@type":"Organization","@id":"https:\/\/sempowisko.com\/home\/#organization","name":"Ko\u0142o Matematyczno-Przyrodnicze Student\u00f3w UJ","url":"https:\/\/sempowisko.com\/home\/","logo":{"@type":"ImageObject","inLanguage":"pl-PL","@id":"https:\/\/sempowisko.com\/home\/#\/schema\/logo\/image\/","url":"https:\/\/smp.if.uj.edu.pl\/home\/wp-content\/uploads\/2016\/05\/nowe_logo_kola.png","contentUrl":"https:\/\/smp.if.uj.edu.pl\/home\/wp-content\/uploads\/2016\/05\/nowe_logo_kola.png","width":835,"height":758,"caption":"Ko\u0142o Matematyczno-Przyrodnicze Student\u00f3w UJ"},"image":{"@id":"https:\/\/sempowisko.com\/home\/#\/schema\/logo\/image\/"},"sameAs":["https:\/\/www.facebook.com\/KMPSUJ"]}]}},"_links":{"self":[{"href":"https:\/\/sempowisko.com\/home\/wp-json\/wp\/v2\/pages\/433"}],"collection":[{"href":"https:\/\/sempowisko.com\/home\/wp-json\/wp\/v2\/pages"}],"about":[{"href":"https:\/\/sempowisko.com\/home\/wp-json\/wp\/v2\/types\/page"}],"author":[{"embeddable":true,"href":"https:\/\/sempowisko.com\/home\/wp-json\/wp\/v2\/users\/15"}],"replies":[{"embeddable":true,"href":"https:\/\/sempowisko.com\/home\/wp-json\/wp\/v2\/comments?post=433"}],"version-history":[{"count":12,"href":"https:\/\/sempowisko.com\/home\/wp-json\/wp\/v2\/pages\/433\/revisions"}],"predecessor-version":[{"id":628,"href":"https:\/\/sempowisko.com\/home\/wp-json\/wp\/v2\/pages\/433\/revisions\/628"}],"up":[{"embeddable":true,"href":"https:\/\/sempowisko.com\/home\/wp-json\/wp\/v2\/pages\/309"}],"wp:attachment":[{"href":"https:\/\/sempowisko.com\/home\/wp-json\/wp\/v2\/media?parent=433"}],"curies":[{"name":"wp","href":"https:\/\/api.w.org\/{rel}","templated":true}]}}